{"id":471,"date":"2020-01-21T16:36:43","date_gmt":"2020-01-21T16:36:43","guid":{"rendered":"https:\/\/neumanndachtechnik.de\/?page_id=471"},"modified":"2020-01-21T17:42:48","modified_gmt":"2020-01-21T17:42:48","slug":"fassade","status":"publish","type":"page","link":"https:\/\/neumanndachtechnik.de\/?page_id=471","title":{"rendered":"Fassade"},"content":{"rendered":"\t\t<div data-elementor-type=\"wp-page\" data-elementor-id=\"471\" class=\"elementor elementor-471\">\n\t\t\t\t\t\t\t\t\t<section class=\"elementor-section elementor-top-section elementor-element elementor-element-89e4855 elementor-section-stretched elementor-section-full_width elementor-section-height-default elementor-section-height-default\" data-id=\"89e4855\" data-element_type=\"section\" data-settings=\"{&quot;stretch_section&quot;:&quot;section-stretched&quot;}\">\n\t\t\t\t\t\t<div class=\"elementor-container elementor-column-gap-default\">\n\t\t\t\t\t<div class=\"elementor-column elementor-col-100 elementor-top-column elementor-element elementor-element-231c3cc\" data-id=\"231c3cc\" data-element_type=\"column\">\n\t\t\t<div class=\"elementor-widget-wrap elementor-element-populated\">\n\t\t\t\t\t\t\t\t<div class=\"elementor-element elementor-element-82a4e05 gallery-spacing-custom elementor-widget elementor-widget-image-gallery\" data-id=\"82a4e05\" data-element_type=\"widget\" data-widget_type=\"image-gallery.default\">\n\t\t\t\t<div class=\"elementor-widget-container\">\n\t\t\t\t\t<div class=\"elementor-image-gallery\">\n\t\t\t<div id='gallery-1' class='gallery galleryid-471 gallery-columns-3 gallery-size-full'><figure class='gallery-item'>\n\t\t\t<div class='gallery-icon landscape'>\n\t\t\t\t<a data-elementor-open-lightbox=\"yes\" data-elementor-lightbox-slideshow=\"82a4e05\" data-elementor-lightbox-title=\"Fassade- (1)\" data-elementor-lightbox-description=\"Dachdecker - Neumann Dachtechnik GmbH - Belm, Osnabr\u00fcck, Bad Essen, M\u00fcnster, Bielefeld, G\u00fctersloh, Hannover, K\u00f6ln, Bremen, Hamburg\" data-e-action-hash=\"#elementor-action%3Aaction%3Dlightbox%26settings%3DeyJpZCI6NDczLCJ1cmwiOiJodHRwczpcL1wvbmV1bWFubmRhY2h0ZWNobmlrLmRlXC93cC1jb250ZW50XC91cGxvYWRzXC8yMDIwXC8wMVwvRmFzc2FkZS0xLmpwZyIsInNsaWRlc2hvdyI6IjgyYTRlMDUifQ%3D%3D\" href='https:\/\/neumanndachtechnik.de\/wp-content\/uploads\/2020\/01\/Fassade-1.jpg'><img fetchpriority=\"high\" decoding=\"async\" width=\"640\" height=\"480\" src=\"https:\/\/neumanndachtechnik.de\/wp-content\/uploads\/2020\/01\/Fassade-1.jpg\" class=\"attachment-full size-full\" alt=\"\" srcset=\"https:\/\/neumanndachtechnik.de\/wp-content\/uploads\/2020\/01\/Fassade-1.jpg 640w, https:\/\/neumanndachtechnik.de\/wp-content\/uploads\/2020\/01\/Fassade-1-300x225.jpg 300w\" sizes=\"(max-width: 640px) 100vw, 640px\" \/><\/a>\n\t\t\t<\/div><\/figure><figure class='gallery-item'>\n\t\t\t<div class='gallery-icon landscape'>\n\t\t\t\t<a data-elementor-open-lightbox=\"yes\" data-elementor-lightbox-slideshow=\"82a4e05\" data-elementor-lightbox-title=\"Fassade- (2)\" data-elementor-lightbox-description=\"Dachdecker - Neumann Dachtechnik GmbH - Belm, Osnabr\u00fcck, Bad Essen, M\u00fcnster, Bielefeld, G\u00fctersloh, Hannover, K\u00f6ln, Bremen, Hamburg\" data-e-action-hash=\"#elementor-action%3Aaction%3Dlightbox%26settings%3DeyJpZCI6NDc0LCJ1cmwiOiJodHRwczpcL1wvbmV1bWFubmRhY2h0ZWNobmlrLmRlXC93cC1jb250ZW50XC91cGxvYWRzXC8yMDIwXC8wMVwvRmFzc2FkZS0yLmpwZyIsInNsaWRlc2hvdyI6IjgyYTRlMDUifQ%3D%3D\" href='https:\/\/neumanndachtechnik.de\/wp-content\/uploads\/2020\/01\/Fassade-2.jpg'><img decoding=\"async\" width=\"640\" height=\"480\" src=\"https:\/\/neumanndachtechnik.de\/wp-content\/uploads\/2020\/01\/Fassade-2.jpg\" class=\"attachment-full size-full\" alt=\"\" srcset=\"https:\/\/neumanndachtechnik.de\/wp-content\/uploads\/2020\/01\/Fassade-2.jpg 640w, https:\/\/neumanndachtechnik.de\/wp-content\/uploads\/2020\/01\/Fassade-2-300x225.jpg 300w\" sizes=\"(max-width: 640px) 100vw, 640px\" \/><\/a>\n\t\t\t<\/div><\/figure><figure class='gallery-item'>\n\t\t\t<div class='gallery-icon landscape'>\n\t\t\t\t<a data-elementor-open-lightbox=\"yes\" data-elementor-lightbox-slideshow=\"82a4e05\" data-elementor-lightbox-title=\"Fassade- (3)\" data-elementor-lightbox-description=\"Dachdecker - Neumann Dachtechnik GmbH - Belm, Osnabr\u00fcck, Bad Essen, M\u00fcnster, Bielefeld, G\u00fctersloh, Hannover, K\u00f6ln, Bremen, Hamburg\" data-e-action-hash=\"#elementor-action%3Aaction%3Dlightbox%26settings%3DeyJpZCI6NDc1LCJ1cmwiOiJodHRwczpcL1wvbmV1bWFubmRhY2h0ZWNobmlrLmRlXC93cC1jb250ZW50XC91cGxvYWRzXC8yMDIwXC8wMVwvRmFzc2FkZS0zLmpwZyIsInNsaWRlc2hvdyI6IjgyYTRlMDUifQ%3D%3D\" href='https:\/\/neumanndachtechnik.de\/wp-content\/uploads\/2020\/01\/Fassade-3.jpg'><img decoding=\"async\" width=\"640\" height=\"480\" src=\"https:\/\/neumanndachtechnik.de\/wp-content\/uploads\/2020\/01\/Fassade-3.jpg\" class=\"attachment-full size-full\" alt=\"\" \/><\/a>\n\t\t\t<\/div><\/figure><figure class='gallery-item'>\n\t\t\t<div class='gallery-icon landscape'>\n\t\t\t\t<a data-elementor-open-lightbox=\"yes\" data-elementor-lightbox-slideshow=\"82a4e05\" data-elementor-lightbox-title=\"Fassade- (4)\" data-elementor-lightbox-description=\"Dachdecker - Neumann Dachtechnik GmbH - Belm, Osnabr\u00fcck, Bad Essen, M\u00fcnster, Bielefeld, G\u00fctersloh, Hannover, K\u00f6ln, Bremen, Hamburg\" data-e-action-hash=\"#elementor-action%3Aaction%3Dlightbox%26settings%3DeyJpZCI6NDc2LCJ1cmwiOiJodHRwczpcL1wvbmV1bWFubmRhY2h0ZWNobmlrLmRlXC93cC1jb250ZW50XC91cGxvYWRzXC8yMDIwXC8wMVwvRmFzc2FkZS00LmpwZyIsInNsaWRlc2hvdyI6IjgyYTRlMDUifQ%3D%3D\" href='https:\/\/neumanndachtechnik.de\/wp-content\/uploads\/2020\/01\/Fassade-4.jpg'><img loading=\"lazy\" decoding=\"async\" width=\"640\" height=\"480\" src=\"https:\/\/neumanndachtechnik.de\/wp-content\/uploads\/2020\/01\/Fassade-4.jpg\" class=\"attachment-full size-full\" alt=\"\" srcset=\"https:\/\/neumanndachtechnik.de\/wp-content\/uploads\/2020\/01\/Fassade-4.jpg 640w, https:\/\/neumanndachtechnik.de\/wp-content\/uploads\/2020\/01\/Fassade-4-300x225.jpg 300w\" sizes=\"(max-width: 640px) 100vw, 640px\" \/><\/a>\n\t\t\t<\/div><\/figure><figure class='gallery-item'>\n\t\t\t<div class='gallery-icon landscape'>\n\t\t\t\t<a data-elementor-open-lightbox=\"yes\" data-elementor-lightbox-slideshow=\"82a4e05\" data-elementor-lightbox-title=\"Fassade- (5)\" data-elementor-lightbox-description=\"Dachdecker - Neumann Dachtechnik GmbH - Belm, Osnabr\u00fcck, Bad Essen, M\u00fcnster, Bielefeld, G\u00fctersloh, Hannover, K\u00f6ln, Bremen, Hamburg\" data-e-action-hash=\"#elementor-action%3Aaction%3Dlightbox%26settings%3DeyJpZCI6NDc3LCJ1cmwiOiJodHRwczpcL1wvbmV1bWFubmRhY2h0ZWNobmlrLmRlXC93cC1jb250ZW50XC91cGxvYWRzXC8yMDIwXC8wMVwvRmFzc2FkZS01LmpwZyIsInNsaWRlc2hvdyI6IjgyYTRlMDUifQ%3D%3D\" href='https:\/\/neumanndachtechnik.de\/wp-content\/uploads\/2020\/01\/Fassade-5.jpg'><img loading=\"lazy\" decoding=\"async\" width=\"640\" height=\"480\" src=\"https:\/\/neumanndachtechnik.de\/wp-content\/uploads\/2020\/01\/Fassade-5.jpg\" class=\"attachment-full size-full\" alt=\"\" srcset=\"https:\/\/neumanndachtechnik.de\/wp-content\/uploads\/2020\/01\/Fassade-5.jpg 640w, https:\/\/neumanndachtechnik.de\/wp-content\/uploads\/2020\/01\/Fassade-5-300x225.jpg 300w\" sizes=\"(max-width: 640px) 100vw, 640px\" \/><\/a>\n\t\t\t<\/div><\/figure><figure class='gallery-item'>\n\t\t\t<div class='gallery-icon landscape'>\n\t\t\t\t<a data-elementor-open-lightbox=\"yes\" data-elementor-lightbox-slideshow=\"82a4e05\" data-elementor-lightbox-title=\"Fassade- (8)\" data-elementor-lightbox-description=\"Dachdecker - Neumann Dachtechnik GmbH - Belm, Osnabr\u00fcck, Bad Essen, M\u00fcnster, Bielefeld, G\u00fctersloh, Hannover, K\u00f6ln, Bremen, Hamburg\" data-e-action-hash=\"#elementor-action%3Aaction%3Dlightbox%26settings%3DeyJpZCI6NDc4LCJ1cmwiOiJodHRwczpcL1wvbmV1bWFubmRhY2h0ZWNobmlrLmRlXC93cC1jb250ZW50XC91cGxvYWRzXC8yMDIwXC8wMVwvRmFzc2FkZS04LmpwZyIsInNsaWRlc2hvdyI6IjgyYTRlMDUifQ%3D%3D\" href='https:\/\/neumanndachtechnik.de\/wp-content\/uploads\/2020\/01\/Fassade-8.jpg'><img loading=\"lazy\" decoding=\"async\" width=\"640\" height=\"480\" src=\"https:\/\/neumanndachtechnik.de\/wp-content\/uploads\/2020\/01\/Fassade-8.jpg\" class=\"attachment-full size-full\" alt=\"\" srcset=\"https:\/\/neumanndachtechnik.de\/wp-content\/uploads\/2020\/01\/Fassade-8.jpg 640w, https:\/\/neumanndachtechnik.de\/wp-content\/uploads\/2020\/01\/Fassade-8-300x225.jpg 300w\" sizes=\"(max-width: 640px) 100vw, 640px\" \/><\/a>\n\t\t\t<\/div><\/figure>\n\t\t<\/div>\n\t\t<\/div>\n\t\t\t\t<\/div>\n\t\t\t\t<\/div>\n\t\t\t\t\t<\/div>\n\t\t<\/div>\n\t\t\t\t\t\t\t<\/div>\n\t\t<\/section>\n\t\t\t\t<section class=\"elementor-section elementor-top-section elementor-element elementor-element-4eabf46 elementor-section-stretched elementor-section-full_width elementor-section-height-default elementor-section-height-default\" data-id=\"4eabf46\" data-element_type=\"section\" data-settings=\"{&quot;stretch_section&quot;:&quot;section-stretched&quot;}\">\n\t\t\t\t\t\t<div class=\"elementor-container elementor-column-gap-default\">\n\t\t\t\t\t<div class=\"elementor-column elementor-col-33 elementor-top-column elementor-element elementor-element-5900ad5\" data-id=\"5900ad5\" data-element_type=\"column\">\n\t\t\t<div class=\"elementor-widget-wrap elementor-element-populated\">\n\t\t\t\t\t\t\t\t<div class=\"elementor-element elementor-element-ab607e3 elementor-view-default elementor-widget elementor-widget-icon\" data-id=\"ab607e3\" data-element_type=\"widget\" data-widget_type=\"icon.default\">\n\t\t\t\t<div class=\"elementor-widget-container\">\n\t\t\t\t\t<div class=\"elementor-icon-wrapper\">\n\t\t\t<div class=\"elementor-icon\">\n\t\t\t<i aria-hidden=\"true\" class=\"fas fa-phone-square-alt\"><\/i>\t\t\t<\/div>\n\t\t<\/div>\n\t\t\t\t<\/div>\n\t\t\t\t<\/div>\n\t\t\t\t<div class=\"elementor-element elementor-element-d1812fd elementor-widget elementor-widget-heading\" data-id=\"d1812fd\" data-element_type=\"widget\" data-widget_type=\"heading.default\">\n\t\t\t\t<div class=\"elementor-widget-container\">\n\t\t\t<h2 class=\"elementor-heading-title elementor-size-default\">05406 - 81 51 00<\/h2>\t\t<\/div>\n\t\t\t\t<\/div>\n\t\t\t\t\t<\/div>\n\t\t<\/div>\n\t\t\t\t<div class=\"elementor-column elementor-col-33 elementor-top-column elementor-element elementor-element-3eb61c5\" data-id=\"3eb61c5\" data-element_type=\"column\">\n\t\t\t<div class=\"elementor-widget-wrap elementor-element-populated\">\n\t\t\t\t\t\t\t\t<div class=\"elementor-element elementor-element-aefdd40 elementor-view-default elementor-widget elementor-widget-icon\" data-id=\"aefdd40\" data-element_type=\"widget\" data-widget_type=\"icon.default\">\n\t\t\t\t<div class=\"elementor-widget-container\">\n\t\t\t\t\t<div class=\"elementor-icon-wrapper\">\n\t\t\t<div class=\"elementor-icon\">\n\t\t\t<i aria-hidden=\"true\" class=\"far fa-clock\"><\/i>\t\t\t<\/div>\n\t\t<\/div>\n\t\t\t\t<\/div>\n\t\t\t\t<\/div>\n\t\t\t\t<div class=\"elementor-element elementor-element-8c1ace6 elementor-widget elementor-widget-heading\" data-id=\"8c1ace6\" data-element_type=\"widget\" data-widget_type=\"heading.default\">\n\t\t\t\t<div class=\"elementor-widget-container\">\n\t\t\t<h2 class=\"elementor-heading-title elementor-size-default\">Montag - Freitag 08:00 - 17:00<\/h2>\t\t<\/div>\n\t\t\t\t<\/div>\n\t\t\t\t\t<\/div>\n\t\t<\/div>\n\t\t\t\t<div class=\"elementor-column elementor-col-33 elementor-top-column elementor-element elementor-element-8bfdbfd\" data-id=\"8bfdbfd\" data-element_type=\"column\">\n\t\t\t<div class=\"elementor-widget-wrap elementor-element-populated\">\n\t\t\t\t\t\t\t\t<div class=\"elementor-element elementor-element-540cba6 elementor-view-default elementor-widget elementor-widget-icon\" data-id=\"540cba6\" data-element_type=\"widget\" data-widget_type=\"icon.default\">\n\t\t\t\t<div class=\"elementor-widget-container\">\n\t\t\t\t\t<div class=\"elementor-icon-wrapper\">\n\t\t\t<div class=\"elementor-icon\">\n\t\t\t<i aria-hidden=\"true\" class=\"far fa-envelope\"><\/i>\t\t\t<\/div>\n\t\t<\/div>\n\t\t\t\t<\/div>\n\t\t\t\t<\/div>\n\t\t\t\t<div class=\"elementor-element elementor-element-bec537c elementor-widget elementor-widget-heading\" data-id=\"bec537c\" data-element_type=\"widget\" data-widget_type=\"heading.default\">\n\t\t\t\t<div class=\"elementor-widget-container\">\n\t\t\t<h2 class=\"elementor-heading-title elementor-size-default\"><a href=\"mailto:info@neumanndachtechnik.de\" target=\"_blank\">info@neumanndachtechnik.de<\/a><\/h2>\t\t<\/div>\n\t\t\t\t<\/div>\n\t\t\t\t\t<\/div>\n\t\t<\/div>\n\t\t\t\t\t\t\t<\/div>\n\t\t<\/section>\n\t\t\t\t<section class=\"elementor-section elementor-top-section elementor-element elementor-element-093a5af elementor-section-full_width elementor-section-height-min-height elementor-section-stretched elementor-section-height-default elementor-section-items-middle\" data-id=\"093a5af\" data-element_type=\"section\" data-settings=\"{&quot;stretch_section&quot;:&quot;section-stretched&quot;}\">\n\t\t\t\t\t\t<div class=\"elementor-container elementor-column-gap-default\">\n\t\t\t\t\t<div class=\"elementor-column elementor-col-100 elementor-top-column elementor-element elementor-element-6fe384e\" data-id=\"6fe384e\" data-element_type=\"column\">\n\t\t\t<div class=\"elementor-widget-wrap elementor-element-populated\">\n\t\t\t\t\t\t\t\t<div class=\"elementor-element elementor-element-326600a elementor-widget elementor-widget-google_maps\" data-id=\"326600a\" data-element_type=\"widget\" data-widget_type=\"google_maps.default\">\n\t\t\t\t<div class=\"elementor-widget-container\">\n\t\t\t\t\t<div class=\"elementor-custom-embed\">\n\t\t\t<iframe loading=\"lazy\"\n\t\t\t\t\tsrc=\"https:\/\/maps.google.com\/maps?q=Industriestr.%2048%2C%20Belm&#038;t=m&#038;z=6&#038;output=embed&#038;iwloc=near\"\n\t\t\t\t\ttitle=\"Industriestr. 48, Belm\"\n\t\t\t\t\taria-label=\"Industriestr. 48, Belm\"\n\t\t\t><\/iframe>\n\t\t<\/div>\n\t\t\t\t<\/div>\n\t\t\t\t<\/div>\n\t\t\t\t\t<\/div>\n\t\t<\/div>\n\t\t\t\t\t\t\t<\/div>\n\t\t<\/section>\n\t\t\t\t\t\t\t<\/div>\n\t\t","protected":false},"excerpt":{"rendered":"<p>05406 &#8211; 81 51 00 Montag &#8211; Freitag 08:00 &#8211; 17:00 info@neumanndachtechnik.de<\/p>\n","protected":false},"author":1,"featured_media":0,"parent":0,"menu_order":0,"comment_status":"closed","ping_status":"closed","template":"","meta":{"ocean_post_layout":"","ocean_both_sidebars_style":"","ocean_both_sidebars_content_width":0,"ocean_both_sidebars_sidebars_width":0,"ocean_sidebar":"0","ocean_second_sidebar":"0","ocean_disable_margins":"enable","ocean_add_body_class":"","ocean_shortcode_before_top_bar":"","ocean_shortcode_after_top_bar":"","ocean_shortcode_before_header":"","ocean_shortcode_after_header":"","ocean_has_shortcode":"","ocean_shortcode_after_title":"","ocean_shortcode_before_footer_widgets":"","ocean_shortcode_after_footer_widgets":"","ocean_shortcode_before_footer_bottom":"","ocean_shortcode_after_footer_bottom":"","ocean_display_top_bar":"default","ocean_display_header":"default","ocean_header_style":"","ocean_center_header_left_menu":"0","ocean_custom_header_template":"0","ocean_custom_logo":0,"ocean_custom_retina_logo":0,"ocean_custom_logo_max_width":0,"ocean_custom_logo_tablet_max_width":0,"ocean_custom_logo_mobile_max_width":0,"ocean_custom_logo_max_height":0,"ocean_custom_logo_tablet_max_height":0,"ocean_custom_logo_mobile_max_height":0,"ocean_header_custom_menu":"0","ocean_menu_typo_font_family":"0","ocean_menu_typo_font_subset":"","ocean_menu_typo_font_size":0,"ocean_menu_typo_font_size_tablet":0,"ocean_menu_typo_font_size_mobile":0,"ocean_menu_typo_font_size_unit":"px","ocean_menu_typo_font_weight":"","ocean_menu_typo_font_weight_tablet":"","ocean_menu_typo_font_weight_mobile":"","ocean_menu_typo_transform":"","ocean_menu_typo_transform_tablet":"","ocean_menu_typo_transform_mobile":"","ocean_menu_typo_line_height":0,"ocean_menu_typo_line_height_tablet":0,"ocean_menu_typo_line_height_mobile":0,"ocean_menu_typo_line_height_unit":"","ocean_menu_typo_spacing":0,"ocean_menu_typo_spacing_tablet":0,"ocean_menu_typo_spacing_mobile":0,"ocean_menu_typo_spacing_unit":"","ocean_menu_link_color":"","ocean_menu_link_color_hover":"","ocean_menu_link_color_active":"","ocean_menu_link_background":"","ocean_menu_link_hover_background":"","ocean_menu_link_active_background":"","ocean_menu_social_links_bg":"","ocean_menu_social_hover_links_bg":"","ocean_menu_social_links_color":"","ocean_menu_social_hover_links_color":"","ocean_disable_title":"default","ocean_disable_heading":"default","ocean_post_title":"","ocean_post_subheading":"","ocean_post_title_style":"","ocean_post_title_background_color":"","ocean_post_title_background":0,"ocean_post_title_bg_image_position":"","ocean_post_title_bg_image_attachment":"","ocean_post_title_bg_image_repeat":"","ocean_post_title_bg_image_size":"","ocean_post_title_height":0,"ocean_post_title_bg_overlay":0.5,"ocean_post_title_bg_overlay_color":"","ocean_disable_breadcrumbs":"default","ocean_breadcrumbs_color":"","ocean_breadcrumbs_separator_color":"","ocean_breadcrumbs_links_color":"","ocean_breadcrumbs_links_hover_color":"","ocean_display_footer_widgets":"default","ocean_display_footer_bottom":"default","ocean_custom_footer_template":"0","footnotes":""},"class_list":["post-471","page","type-page","status-publish","hentry","entry"],"yoast_head":"<!-- This site is optimized with the Yoast SEO plugin v24.9 - https:\/\/yoast.com\/wordpress\/plugins\/seo\/ -->\n<title>Fassade - Neumann Dachtechnik GmbH, Belm<\/title>\n<meta name=\"robots\" content=\"index, follow, max-snippet:-1, max-image-preview:large, max-video-preview:-1\" \/>\n<link rel=\"canonical\" href=\"https:\/\/neumanndachtechnik.de\/?page_id=471\" \/>\n<meta property=\"og:locale\" content=\"de_DE\" \/>\n<meta property=\"og:type\" content=\"article\" \/>\n<meta property=\"og:title\" content=\"Fassade - Neumann Dachtechnik GmbH, Belm\" \/>\n<meta property=\"og:description\" content=\"05406 &#8211; 81 51 00 Montag &#8211; Freitag 08:00 &#8211; 17:00 info@neumanndachtechnik.de\" \/>\n<meta property=\"og:url\" content=\"https:\/\/neumanndachtechnik.de\/?page_id=471\" \/>\n<meta property=\"og:site_name\" content=\"Neumann Dachtechnik GmbH, Belm\" \/>\n<meta property=\"article:modified_time\" content=\"2020-01-21T17:42:48+00:00\" \/>\n<meta property=\"og:image\" content=\"https:\/\/neumanndachtechnik.de\/wp-content\/uploads\/2020\/01\/Fassade-1.jpg\" \/>\n<meta name=\"twitter:card\" content=\"summary_large_image\" \/>\n<script type=\"application\/ld+json\" class=\"yoast-schema-graph\">{\"@context\":\"https:\/\/schema.org\",\"@graph\":[{\"@type\":\"WebPage\",\"@id\":\"https:\/\/neumanndachtechnik.de\/?page_id=471\",\"url\":\"https:\/\/neumanndachtechnik.de\/?page_id=471\",\"name\":\"Fassade - Neumann Dachtechnik GmbH, Belm\",\"isPartOf\":{\"@id\":\"https:\/\/neumanndachtechnik.de\/#website\"},\"primaryImageOfPage\":{\"@id\":\"https:\/\/neumanndachtechnik.de\/?page_id=471#primaryimage\"},\"image\":{\"@id\":\"https:\/\/neumanndachtechnik.de\/?page_id=471#primaryimage\"},\"thumbnailUrl\":\"https:\/\/neumanndachtechnik.de\/wp-content\/uploads\/2020\/01\/Fassade-1.jpg\",\"datePublished\":\"2020-01-21T16:36:43+00:00\",\"dateModified\":\"2020-01-21T17:42:48+00:00\",\"breadcrumb\":{\"@id\":\"https:\/\/neumanndachtechnik.de\/?page_id=471#breadcrumb\"},\"inLanguage\":\"de\",\"potentialAction\":[{\"@type\":\"ReadAction\",\"target\":[\"https:\/\/neumanndachtechnik.de\/?page_id=471\"]}]},{\"@type\":\"ImageObject\",\"inLanguage\":\"de\",\"@id\":\"https:\/\/neumanndachtechnik.de\/?page_id=471#primaryimage\",\"url\":\"https:\/\/neumanndachtechnik.de\/wp-content\/uploads\/2020\/01\/Fassade-1.jpg\",\"contentUrl\":\"https:\/\/neumanndachtechnik.de\/wp-content\/uploads\/2020\/01\/Fassade-1.jpg\"},{\"@type\":\"BreadcrumbList\",\"@id\":\"https:\/\/neumanndachtechnik.de\/?page_id=471#breadcrumb\",\"itemListElement\":[{\"@type\":\"ListItem\",\"position\":1,\"name\":\"Startseite\",\"item\":\"https:\/\/neumanndachtechnik.de\/\"},{\"@type\":\"ListItem\",\"position\":2,\"name\":\"Fassade\"}]},{\"@type\":\"WebSite\",\"@id\":\"https:\/\/neumanndachtechnik.de\/#website\",\"url\":\"https:\/\/neumanndachtechnik.de\/\",\"name\":\"Neumann Dachtechnik GmbH, Belm\",\"description\":\"\",\"publisher\":{\"@id\":\"https:\/\/neumanndachtechnik.de\/#organization\"},\"potentialAction\":[{\"@type\":\"SearchAction\",\"target\":{\"@type\":\"EntryPoint\",\"urlTemplate\":\"https:\/\/neumanndachtechnik.de\/?s={search_term_string}\"},\"query-input\":{\"@type\":\"PropertyValueSpecification\",\"valueRequired\":true,\"valueName\":\"search_term_string\"}}],\"inLanguage\":\"de\"},{\"@type\":\"Organization\",\"@id\":\"https:\/\/neumanndachtechnik.de\/#organization\",\"name\":\"Neumann Dachtechnik GmbH, Belm\",\"url\":\"https:\/\/neumanndachtechnik.de\/\",\"logo\":{\"@type\":\"ImageObject\",\"inLanguage\":\"de\",\"@id\":\"https:\/\/neumanndachtechnik.de\/#\/schema\/logo\/image\/\",\"url\":\"https:\/\/neumanndachtechnik.de\/wp-content\/uploads\/2020\/01\/ND-400px.png\",\"contentUrl\":\"https:\/\/neumanndachtechnik.de\/wp-content\/uploads\/2020\/01\/ND-400px.png\",\"width\":400,\"height\":400,\"caption\":\"Neumann Dachtechnik GmbH, Belm\"},\"image\":{\"@id\":\"https:\/\/neumanndachtechnik.de\/#\/schema\/logo\/image\/\"}}]}<\/script>\n<!-- \/ Yoast SEO plugin. -->","yoast_head_json":{"title":"Fassade - Neumann Dachtechnik GmbH, Belm","robots":{"index":"index","follow":"follow","max-snippet":"max-snippet:-1","max-image-preview":"max-image-preview:large","max-video-preview":"max-video-preview:-1"},"canonical":"https:\/\/neumanndachtechnik.de\/?page_id=471","og_locale":"de_DE","og_type":"article","og_title":"Fassade - Neumann Dachtechnik GmbH, Belm","og_description":"05406 &#8211; 81 51 00 Montag &#8211; Freitag 08:00 &#8211; 17:00 info@neumanndachtechnik.de","og_url":"https:\/\/neumanndachtechnik.de\/?page_id=471","og_site_name":"Neumann Dachtechnik GmbH, Belm","article_modified_time":"2020-01-21T17:42:48+00:00","og_image":[{"url":"https:\/\/neumanndachtechnik.de\/wp-content\/uploads\/2020\/01\/Fassade-1.jpg","type":"","width":"","height":""}],"twitter_card":"summary_large_image","schema":{"@context":"https:\/\/schema.org","@graph":[{"@type":"WebPage","@id":"https:\/\/neumanndachtechnik.de\/?page_id=471","url":"https:\/\/neumanndachtechnik.de\/?page_id=471","name":"Fassade - Neumann Dachtechnik GmbH, Belm","isPartOf":{"@id":"https:\/\/neumanndachtechnik.de\/#website"},"primaryImageOfPage":{"@id":"https:\/\/neumanndachtechnik.de\/?page_id=471#primaryimage"},"image":{"@id":"https:\/\/neumanndachtechnik.de\/?page_id=471#primaryimage"},"thumbnailUrl":"https:\/\/neumanndachtechnik.de\/wp-content\/uploads\/2020\/01\/Fassade-1.jpg","datePublished":"2020-01-21T16:36:43+00:00","dateModified":"2020-01-21T17:42:48+00:00","breadcrumb":{"@id":"https:\/\/neumanndachtechnik.de\/?page_id=471#breadcrumb"},"inLanguage":"de","potentialAction":[{"@type":"ReadAction","target":["https:\/\/neumanndachtechnik.de\/?page_id=471"]}]},{"@type":"ImageObject","inLanguage":"de","@id":"https:\/\/neumanndachtechnik.de\/?page_id=471#primaryimage","url":"https:\/\/neumanndachtechnik.de\/wp-content\/uploads\/2020\/01\/Fassade-1.jpg","contentUrl":"https:\/\/neumanndachtechnik.de\/wp-content\/uploads\/2020\/01\/Fassade-1.jpg"},{"@type":"BreadcrumbList","@id":"https:\/\/neumanndachtechnik.de\/?page_id=471#breadcrumb","itemListElement":[{"@type":"ListItem","position":1,"name":"Startseite","item":"https:\/\/neumanndachtechnik.de\/"},{"@type":"ListItem","position":2,"name":"Fassade"}]},{"@type":"WebSite","@id":"https:\/\/neumanndachtechnik.de\/#website","url":"https:\/\/neumanndachtechnik.de\/","name":"Neumann Dachtechnik GmbH, Belm","description":"","publisher":{"@id":"https:\/\/neumanndachtechnik.de\/#organization"},"potentialAction":[{"@type":"SearchAction","target":{"@type":"EntryPoint","urlTemplate":"https:\/\/neumanndachtechnik.de\/?s={search_term_string}"},"query-input":{"@type":"PropertyValueSpecification","valueRequired":true,"valueName":"search_term_string"}}],"inLanguage":"de"},{"@type":"Organization","@id":"https:\/\/neumanndachtechnik.de\/#organization","name":"Neumann Dachtechnik GmbH, Belm","url":"https:\/\/neumanndachtechnik.de\/","logo":{"@type":"ImageObject","inLanguage":"de","@id":"https:\/\/neumanndachtechnik.de\/#\/schema\/logo\/image\/","url":"https:\/\/neumanndachtechnik.de\/wp-content\/uploads\/2020\/01\/ND-400px.png","contentUrl":"https:\/\/neumanndachtechnik.de\/wp-content\/uploads\/2020\/01\/ND-400px.png","width":400,"height":400,"caption":"Neumann Dachtechnik GmbH, Belm"},"image":{"@id":"https:\/\/neumanndachtechnik.de\/#\/schema\/logo\/image\/"}}]}},"_links":{"self":[{"href":"https:\/\/neumanndachtechnik.de\/index.php?rest_route=\/wp\/v2\/pages\/471","targetHints":{"allow":["GET"]}}],"collection":[{"href":"https:\/\/neumanndachtechnik.de\/index.php?rest_route=\/wp\/v2\/pages"}],"about":[{"href":"https:\/\/neumanndachtechnik.de\/index.php?rest_route=\/wp\/v2\/types\/page"}],"author":[{"embeddable":true,"href":"https:\/\/neumanndachtechnik.de\/index.php?rest_route=\/wp\/v2\/users\/1"}],"replies":[{"embeddable":true,"href":"https:\/\/neumanndachtechnik.de\/index.php?rest_route=%2Fwp%2Fv2%2Fcomments&post=471"}],"version-history":[{"count":4,"href":"https:\/\/neumanndachtechnik.de\/index.php?rest_route=\/wp\/v2\/pages\/471\/revisions"}],"predecessor-version":[{"id":687,"href":"https:\/\/neumanndachtechnik.de\/index.php?rest_route=\/wp\/v2\/pages\/471\/revisions\/687"}],"wp:attachment":[{"href":"https:\/\/neumanndachtechnik.de\/index.php?rest_route=%2Fwp%2Fv2%2Fmedia&parent=471"}],"curies":[{"name":"wp","href":"https:\/\/api.w.org\/{rel}","templated":true}]}}